{"id":988,"date":"2024-10-12T15:13:34","date_gmt":"2024-10-12T13:13:34","guid":{"rendered":"https:\/\/www.festiwalowa.radom.pl\/?page_id=988"},"modified":"2026-08-30T21:37:17","modified_gmt":"2026-08-30T19:37:17","slug":"start","status":"publish","type":"page","link":"https:\/\/www.festiwalowa.radom.pl\/","title":{"rendered":"Start"},"content":{"rendered":"\t\t<div data-elementor-type=\"wp-page\" data-elementor-id=\"988\" class=\"elementor elementor-988\" data-elementor-post-type=\"page\">\n\t\t\t\t<div class=\"elementor-element elementor-element-a457870 e-flex e-con-boxed e-con e-parent\" data-id=\"a457870\" data-element_type=\"container\">\n\t\t\t\t\t<div class=\"e-con-inner\">\n\t\t\t\t<div class=\"elementor-element elementor-element-7759792 elementor-widget-divider--view-line elementor-widget elementor-widget-divider\" data-id=\"7759792\" data-element_type=\"widget\" data-widget_type=\"divider.default\">\n\t\t\t\t<div class=\"elementor-widget-container\">\n\t\t\t\t\t<div class=\"elementor-divider\">\n\t\t\t<span class=\"elementor-divider-separator\">\n\t\t\t\t\t\t<\/span>\n\t\t<\/div>\n\t\t\t\t<\/div>\n\t\t\t\t<\/div>\n\t\t\t\t<div class=\"elementor-element elementor-element-8e785c6 elementor-widget elementor-widget-facebook-button\" data-id=\"8e785c6\" data-element_type=\"widget\" data-widget_type=\"facebook-button.default\">\n\t\t\t\t<div class=\"elementor-widget-container\">\n\t\t\t\t\t<div data-layout=\"standard\" data-colorscheme=\"light\" data-size=\"small\" data-show-faces=\"false\" class=\"elementor-facebook-widget fb-like\" data-href=\"https:\/\/www.facebook.com\/Festiwalowa\" data-share=\"false\" data-action=\"like\"><\/div>\n\t\t\t\t<\/div>\n\t\t\t\t<\/div>\n\t\t\t\t\t<\/div>\n\t\t\t\t<\/div>\n\t\t<div class=\"elementor-element elementor-element-dd946be e-flex e-con-boxed e-con e-parent\" data-id=\"dd946be\" data-element_type=\"container\">\n\t\t\t\t\t<div class=\"e-con-inner\">\n\t\t<div class=\"elementor-element elementor-element-75c5114 e-con-full e-flex e-con e-child\" data-id=\"75c5114\" data-element_type=\"container\">\n\t\t\t\t<div class=\"elementor-element elementor-element-1967851 elementor-widget elementor-widget-video\" data-id=\"1967851\" data-element_type=\"widget\" data-settings=\"{&quot;youtube_url&quot;:&quot;https:\\\/\\\/youtu.be\\\/5C9mxLSvQNk&quot;,&quot;video_type&quot;:&quot;youtube&quot;,&quot;controls&quot;:&quot;yes&quot;}\" data-widget_type=\"video.default\">\n\t\t\t\t<div class=\"elementor-widget-container\">\n\t\t\t\t\t<div class=\"elementor-wrapper elementor-open-inline\">\n\t\t\t<div class=\"elementor-video\"><\/div>\t\t<\/div>\n\t\t\t\t<\/div>\n\t\t\t\t<\/div>\n\t\t\t\t<\/div>\n\t\t<div class=\"elementor-element elementor-element-e3aac89 e-con-full e-flex e-con e-child\" data-id=\"e3aac89\" data-element_type=\"container\">\n\t\t\t\t<div class=\"elementor-element elementor-element-4c59aab elementor-widget elementor-widget-text-editor\" data-id=\"4c59aab\" data-element_type=\"widget\" data-widget_type=\"text-editor.default\">\n\t\t\t\t<div class=\"elementor-widget-container\">\n\t\t\t\t\t\t\t<p><strong>Podczas XVI Mi\u0119dzynarodowego Festiwalu Gombrowiczowskiego m\u0142odzie\u017c doskonali\u0142a swoje umiej\u0119tno\u015bci prowadzenia wywiad\u00f3w, pracy z kamer\u0105, monta\u017cu i edycji film\u00f3w.<\/strong><\/p><p><em><strong>Festiwalowa<\/strong><\/em> to redakcja, kt\u00f3r\u0105 tworzy m\u0142odzie\u017c bior\u0105ca udzia\u0142 w warsztatach filmowo-dziennikarskich <em><strong>Specklasa<\/strong><\/em>, organizowanych jesieni\u0105 2024 roku w radomskim Amfiteatrze przy ul. Daszy\u0144skiego 5, w Pracowni Nowych Medi\u00f3w w ramach Bud\u017cetu Obywatelskiego 2024.<\/p>\t\t\t\t\t\t<\/div>\n\t\t\t\t<\/div>\n\t\t\t\t<\/div>\n\t\t\t\t\t<\/div>\n\t\t\t\t<\/div>\n\t\t<div class=\"elementor-element elementor-element-96235f6 e-flex e-con-boxed e-con e-parent\" data-id=\"96235f6\" data-element_type=\"container\" data-settings=\"{&quot;background_background&quot;:&quot;video&quot;}\">\n\t\t\t\t\t<div class=\"e-con-inner\">\n\t\t<div class=\"elementor-element elementor-element-638fabb e-con-full e-flex e-con e-child\" data-id=\"638fabb\" data-element_type=\"container\">\n\t\t\t\t<div class=\"elementor-element elementor-element-4136390 elementor-widget elementor-widget-image\" data-id=\"4136390\" data-element_type=\"widget\" data-widget_type=\"image.default\">\n\t\t\t\t<div class=\"elementor-widget-container\">\n\t\t\t\t\t\t\t\t\t\t\t\t\t<img fetchpriority=\"high\" decoding=\"async\" width=\"1024\" height=\"683\" src=\"https:\/\/www.festiwalowa.radom.pl\/wp-content\/uploads\/2024\/10\/MG_7592-1024x683.jpg\" class=\"attachment-large size-large wp-image-1057\" alt=\"\" srcset=\"https:\/\/www.festiwalowa.radom.pl\/wp-content\/uploads\/2024\/10\/MG_7592-1024x683.jpg 1024w, https:\/\/www.festiwalowa.radom.pl\/wp-content\/uploads\/2024\/10\/MG_7592-300x200.jpg 300w, https:\/\/www.festiwalowa.radom.pl\/wp-content\/uploads\/2024\/10\/MG_7592-768x512.jpg 768w, https:\/\/www.festiwalowa.radom.pl\/wp-content\/uploads\/2024\/10\/MG_7592-1536x1024.jpg 1536w, https:\/\/www.festiwalowa.radom.pl\/wp-content\/uploads\/2024\/10\/MG_7592-2048x1365.jpg 2048w\" sizes=\"(max-width: 1024px) 100vw, 1024px\" \/>\t\t\t\t\t\t\t\t\t\t\t\t\t<\/div>\n\t\t\t\t<\/div>\n\t\t\t\t<\/div>\n\t\t<div class=\"elementor-element elementor-element-7da4a51 e-con-full e-flex e-con e-child\" data-id=\"7da4a51\" data-element_type=\"container\" data-settings=\"{&quot;background_background&quot;:&quot;classic&quot;}\">\n\t\t\t\t<div class=\"elementor-element elementor-element-de70a7f elementor-widget elementor-widget-text-editor\" data-id=\"de70a7f\" data-element_type=\"widget\" data-widget_type=\"text-editor.default\">\n\t\t\t\t<div class=\"elementor-widget-container\">\n\t\t\t\t\t\t\t<p class=\"CDt4Ke zfr3Q\" dir=\"ltr\"><i style=\"font-weight: inherit; font-family: var( --e-global-typography-text-font-family ), Sans-serif; background-color: rgba(255, 255, 255, 0); text-align: var(--text-align);\"><span style=\"font-weight: inherit; font-family: var( --e-global-typography-text-font-family ), Sans-serif; background-color: rgba(255, 255, 255, 0); text-align: var(--text-align);\">Dwadzie\u015bcia lat temu, w 2004 roku, wielu dzisiejszych uczestnik\u00f3w warsztat\u00f3w literacko-dziennikarskich Festiwalowa albo ogl\u0105da\u0142o \u015bwiat zza szczebli \u0142\u00f3\u017ceczka dla niemowlak\u00f3w, albo wa\u015bnie nied\u0142ugo mia\u0142o si\u0119 urodzi\u0107. Dzi\u015b pozwolili sobie na ryzyko sprawdzenia swych si\u0142 w prowadzeniu wywiad\u00f3w z artystami.\u00a0<\/span><\/i><\/p><p class=\"CDt4Ke zfr3Q\" dir=\"ltr\"><i style=\"font-family: var( --e-global-typography-text-font-family ), Sans-serif; font-weight: inherit; text-align: var(--text-align);\">Niekt\u00f3rzy dowiedzieli si\u0119 z facebooka, niekt\u00f3rzy od nauczycieli, kilka os\u00f3b od tygodni wypatrywa\u0142o wiadomo\u015bci o warsztatach, bo wcze\u015bniej brali udzia\u0142 w Festiwalowej i nie chcieli przegapi\u0107.<br \/>Podczas Mi\u0119dzynarodowego Festiwalu Gombrowiczowskiego, m\u0142odzie\u017c rozmawia z tw\u00f3rcami i widzami, uczestniczy w spektaklach oraz poznaje tajniki sztuki dziennikarskiej i operatorskiej. Efekty dost\u0119pne s\u0105 na tej stronie.<\/i><\/p><p class=\"CDt4Ke zfr3Q\" dir=\"ltr\"><strong><i style=\"font-family: var( --e-global-typography-text-font-family ), Sans-serif; font-weight: inherit; text-align: var(--text-align);\">Tutaj mo\u017cna zobaczy\u0107 zdj\u0119cia z warsztat\u00f3w, kt\u00f3re odbywa\u0142y si\u0119 od wrze\u015bnia do listopada 2024 roku.<\/i><\/strong><\/p>\t\t\t\t\t\t<\/div>\n\t\t\t\t<\/div>\n\t\t\t\t<\/div>\n\t\t\t\t\t<\/div>\n\t\t\t\t<\/div>\n\t\t<div class=\"elementor-element elementor-element-7737037 e-flex e-con-boxed e-con e-parent\" data-id=\"7737037\" data-element_type=\"container\">\n\t\t\t\t\t<div class=\"e-con-inner\">\n\t\t<div class=\"elementor-element elementor-element-0067165 e-con-full e-flex e-con e-child\" data-id=\"0067165\" data-element_type=\"container\">\n\t\t\t\t<div class=\"elementor-element elementor-element-687dd04 elementor-widget elementor-widget-image\" data-id=\"687dd04\" data-element_type=\"widget\" data-widget_type=\"image.default\">\n\t\t\t\t<div class=\"elementor-widget-container\">\n\t\t\t\t\t\t\t\t\t\t\t\t\t<img decoding=\"async\" width=\"722\" height=\"455\" src=\"https:\/\/www.festiwalowa.radom.pl\/wp-content\/uploads\/2024\/10\/festiwalowa_logo_nowe-przezro.png\" class=\"attachment-large size-large wp-image-1116\" alt=\"\" srcset=\"https:\/\/www.festiwalowa.radom.pl\/wp-content\/uploads\/2024\/10\/festiwalowa_logo_nowe-przezro.png 722w, https:\/\/www.festiwalowa.radom.pl\/wp-content\/uploads\/2024\/10\/festiwalowa_logo_nowe-przezro-300x189.png 300w\" sizes=\"(max-width: 722px) 100vw, 722px\" \/>\t\t\t\t\t\t\t\t\t\t\t\t\t<\/div>\n\t\t\t\t<\/div>\n\t\t\t\t<\/div>\n\t\t<div class=\"elementor-element elementor-element-4e5bea7 e-con-full e-flex e-con e-child\" data-id=\"4e5bea7\" data-element_type=\"container\">\n\t\t\t\t<div class=\"elementor-element elementor-element-a7205dd elementor-widget elementor-widget-text-editor\" data-id=\"a7205dd\" data-element_type=\"widget\" data-widget_type=\"text-editor.default\">\n\t\t\t\t<div class=\"elementor-widget-container\">\n\t\t\t\t\t\t\t<p><em>W 2020 roku kolejny raz m\u0142odzie\u017c przeprowadza\u0142a wywiady, robi\u0142a zdj\u0119cia i publikowa\u0142a papierowe wydanie gazety Mi\u0119dzynarodowego Festiwalu Gombrowiczowskiego w radomskim Teatrze Powszechnym im. Jana Kochanowskiego w Radomiu.<\/em><\/p>\t\t\t\t\t\t<\/div>\n\t\t\t\t<\/div>\n\t\t\t\t<\/div>\n\t\t\t\t\t<\/div>\n\t\t\t\t<\/div>\n\t\t<div class=\"elementor-element elementor-element-7c7b5f9 e-flex e-con-boxed e-con e-parent\" data-id=\"7c7b5f9\" data-element_type=\"container\">\n\t\t\t\t\t<div class=\"e-con-inner\">\n\t\t\t\t<div class=\"elementor-element elementor-element-f615c83 elementor-widget-divider--view-line elementor-widget elementor-widget-divider\" data-id=\"f615c83\" data-element_type=\"widget\" data-widget_type=\"divider.default\">\n\t\t\t\t<div class=\"elementor-widget-container\">\n\t\t\t\t\t<div class=\"elementor-divider\">\n\t\t\t<span class=\"elementor-divider-separator\">\n\t\t\t\t\t\t<\/span>\n\t\t<\/div>\n\t\t\t\t<\/div>\n\t\t\t\t<\/div>\n\t\t\t\t\t<\/div>\n\t\t\t\t<\/div>\n\t\t<div class=\"elementor-element elementor-element-41b1721 e-flex e-con-boxed e-con e-parent\" data-id=\"41b1721\" data-element_type=\"container\">\n\t\t\t\t\t<div class=\"e-con-inner\">\n\t\t<div class=\"elementor-element elementor-element-64aeac2 e-con-full e-flex e-con e-child\" data-id=\"64aeac2\" data-element_type=\"container\">\n\t\t\t\t<div class=\"elementor-element elementor-element-4b4af9c elementor-widget elementor-widget-image\" data-id=\"4b4af9c\" data-element_type=\"widget\" data-widget_type=\"image.default\">\n\t\t\t\t<div class=\"elementor-widget-container\">\n\t\t\t\t\t\t\t\t\t\t\t\t\t<img decoding=\"async\" width=\"651\" height=\"581\" src=\"https:\/\/www.festiwalowa.radom.pl\/wp-content\/uploads\/2024\/10\/festrkont.png\" class=\"attachment-large size-large wp-image-1040\" alt=\"\" srcset=\"https:\/\/www.festiwalowa.radom.pl\/wp-content\/uploads\/2024\/10\/festrkont.png 651w, https:\/\/www.festiwalowa.radom.pl\/wp-content\/uploads\/2024\/10\/festrkont-300x268.png 300w\" sizes=\"(max-width: 651px) 100vw, 651px\" \/>\t\t\t\t\t\t\t\t\t\t\t\t\t<\/div>\n\t\t\t\t<\/div>\n\t\t\t\t<\/div>\n\t\t<div class=\"elementor-element elementor-element-cd5e69d e-con-full e-flex e-con e-child\" data-id=\"cd5e69d\" data-element_type=\"container\">\n\t\t\t\t<div class=\"elementor-element elementor-element-35921b1 elementor-widget elementor-widget-text-editor\" data-id=\"35921b1\" data-element_type=\"widget\" data-widget_type=\"text-editor.default\">\n\t\t\t\t<div class=\"elementor-widget-container\">\n\t\t\t\t\t\t\t<h2>Skontaktuj si\u0119 z nami.<\/h2>\n<p><\/p>\n<p><a href=\"mailto:festiwalowa.radom@gmail.com\" target=\"_blank\">festiwalowa.radom@gmail.com<\/a><br><\/p>\t\t\t\t\t\t<\/div>\n\t\t\t\t<\/div>\n\t\t\t\t<\/div>\n\t\t\t\t\t<\/div>\n\t\t\t\t<\/div>\n\t\t<div class=\"elementor-element elementor-element-9e644f8 e-flex e-con-boxed e-con e-parent\" data-id=\"9e644f8\" data-element_type=\"container\">\n\t\t\t\t\t<div class=\"e-con-inner\">\n\t\t\t\t<div class=\"elementor-element elementor-element-fa2c742 elementor-widget-divider--view-line elementor-widget elementor-widget-divider\" data-id=\"fa2c742\" data-element_type=\"widget\" data-widget_type=\"divider.default\">\n\t\t\t\t<div class=\"elementor-widget-container\">\n\t\t\t\t\t<div class=\"elementor-divider\">\n\t\t\t<span class=\"elementor-divider-separator\">\n\t\t\t\t\t\t<\/span>\n\t\t<\/div>\n\t\t\t\t<\/div>\n\t\t\t\t<\/div>\n\t\t\t\t\t<\/div>\n\t\t\t\t<\/div>\n\t\t\t\t<\/div>\n\t\t","protected":false},"excerpt":{"rendered":"<p>https:\/\/youtu.be\/5C9mxLSvQNk Podczas XVI Mi\u0119dzynarodowego Festiwalu Gombrowiczowskiego m\u0142odzie\u017c doskonali\u0142a swoje umiej\u0119tno\u015bci prowadzenia wywiad\u00f3w, pracy z kamer\u0105, monta\u017cu i edycji film\u00f3w. Festiwalowa [&hellip;]<\/p>\n","protected":false},"author":1,"featured_media":0,"parent":0,"menu_order":0,"comment_status":"closed","ping_status":"open","template":"elementor_header_footer","meta":{"site-sidebar-layout":"no-sidebar","site-content-layout":"","ast-site-content-layout":"full-width-container","site-content-style":"default","site-sidebar-style":"default","ast-global-header-display":"","ast-banner-title-visibility":"","ast-main-header-display":"","ast-hfb-above-header-display":"","ast-hfb-below-header-display":"","ast-hfb-mobile-header-display":"","site-post-title":"disabled","ast-breadcrumbs-content":"","ast-featured-img":"disabled","footer-sml-layout":"","ast-disable-related-posts":"","theme-transparent-header-meta":"default","adv-header-id-meta":"","stick-header-meta":"","header-above-stick-meta":"","header-main-stick-meta":"","header-below-stick-meta":"","astra-migrate-meta-layouts":"set","ast-page-background-enabled":"default","ast-page-background-meta":{"desktop":{"background-color":"var(--ast-global-color-4)","background-image":"","background-repeat":"repeat","background-position":"center center","background-size":"auto","background-attachment":"scroll","background-type":"","background-media":"","overlay-type":"","overlay-color":"","overlay-opacity":"","overlay-gradient":""},"tablet":{"background-color":"","background-image":"","background-repeat":"repeat","background-position":"center center","background-size":"auto","background-attachment":"scroll","background-type":"","background-media":"","overlay-type":"","overlay-color":"","overlay-opacity":"","overlay-gradient":""},"mobile":{"background-color":"","background-image":"","background-repeat":"repeat","background-position":"center center","background-size":"auto","background-attachment":"scroll","background-type":"","background-media":"","overlay-type":"","overlay-color":"","overlay-opacity":"","overlay-gradient":""}},"ast-content-background-meta":{"desktop":{"background-color":"var(--ast-global-color-5)","background-image":"","background-repeat":"repeat","background-position":"center center","background-size":"auto","background-attachment":"scroll","background-type":"","background-media":"","overlay-type":"","overlay-color":"","overlay-opacity":"","overlay-gradient":""},"tablet":{"background-color":"var(--ast-global-color-5)","background-image":"","background-repeat":"repeat","background-position":"center center","background-size":"auto","background-attachment":"scroll","background-type":"","background-media":"","overlay-type":"","overlay-color":"","overlay-opacity":"","overlay-gradient":""},"mobile":{"background-color":"var(--ast-global-color-5)","background-image":"","background-repeat":"repeat","background-position":"center center","background-size":"auto","background-attachment":"scroll","background-type":"","background-media":"","overlay-type":"","overlay-color":"","overlay-opacity":"","overlay-gradient":""}},"footnotes":""},"class_list":["post-988","page","type-page","status-publish","hentry"],"_links":{"self":[{"href":"https:\/\/www.festiwalowa.radom.pl\/index.php?rest_route=\/wp\/v2\/pages\/988","targetHints":{"allow":["GET"]}}],"collection":[{"href":"https:\/\/www.festiwalowa.radom.pl\/index.php?rest_route=\/wp\/v2\/pages"}],"about":[{"href":"https:\/\/www.festiwalowa.radom.pl\/index.php?rest_route=\/wp\/v2\/types\/page"}],"author":[{"embeddable":true,"href":"https:\/\/www.festiwalowa.radom.pl\/index.php?rest_route=\/wp\/v2\/users\/1"}],"replies":[{"embeddable":true,"href":"https:\/\/www.festiwalowa.radom.pl\/index.php?rest_route=%2Fwp%2Fv2%2Fcomments&post=988"}],"version-history":[{"count":106,"href":"https:\/\/www.festiwalowa.radom.pl\/index.php?rest_route=\/wp\/v2\/pages\/988\/revisions"}],"predecessor-version":[{"id":15629,"href":"https:\/\/www.festiwalowa.radom.pl\/index.php?rest_route=\/wp\/v2\/pages\/988\/revisions\/15629"}],"wp:attachment":[{"href":"https:\/\/www.festiwalowa.radom.pl\/index.php?rest_route=%2Fwp%2Fv2%2Fmedia&parent=988"}],"curies":[{"name":"wp","href":"https:\/\/api.w.org\/{rel}","templated":true}]}}